{"id":59,"date":"2011-12-05T08:51:01","date_gmt":"2011-12-05T08:51:01","guid":{"rendered":"http:\/\/lnx.u2place.net\/coverband\/?page_id=59"},"modified":"2015-02-23T16:11:15","modified_gmt":"2015-02-23T16:11:15","slug":"the-fly","status":"publish","type":"page","link":"https:\/\/lnx.u2place.net\/coverband\/the-fly","title":{"rendered":"The Fly"},"content":{"rendered":"<p><a href=\"http:\/\/lnx.u2place.net\/coverband\/wp-content\/uploads\/2015\/02\/the-fly.jpg\"><img decoding=\"async\" loading=\"lazy\" class=\"alignnone size-full wp-image-966\" title=\"the fly\" src=\"http:\/\/lnx.u2place.net\/coverband\/wp-content\/uploads\/2015\/02\/the-fly.jpg\" alt=\"\" width=\"200\" height=\"200\" \/><\/a><\/p>\n<p><strong>Biografia<\/strong><br \/>\nI The Fly band tributo U2 sono nati nel marzo 2005 per merito di alcuni musicisti veronesi uniti dalla comune passione per la band di Dublino e da allora sono una presenza costante nei locali e nelle manifestazioni all&#8217;aperto del nord Italia. Trascinati dal talento indiscusso del cantante Matteo Turra e con oltre 180 concerti sulle spalle, i The Fly sono una garanzia per gli appassionati di musica U2 che vogliono rivivere le emozioni di un vero concerto dei loro beniamini.<br \/>\nNei loro concerti i The Fly ripropongono tutti i classici U2, dagli album storici alle hit pi\u00f9 recenti, ma anche pezzi meno noti che faranno felici i fans U2 pi\u00f9 esigenti. Grande cura \u00e8 riservata ai suoni e la strumentazione utilizzata \u00e8 pressoch\u00e9 uguale a quella di Bono, The Edge e soci. In oltre due ore di spettacolo si potranno ascoltare brani come <em>With Or Without You<\/em>, <em>New Year\u2019s Day<\/em>, <em>One<\/em>, <em>Where The Streets Have No Name<\/em>, <em>Pride<\/em>, <em>Sunday Bloody Sunday<\/em>, che sono entrati di diritto nella storia della musica pop-rock; assieme a <em>Love Is Blindness<\/em>, <em>Untill The End Of The World<\/em>, <em>I Will Follow<\/em>, <em>Mysterious Ways<\/em> e molti altri per un totale di oltre 50 brani U2 in repertorio.<br \/>\nTra i momenti pi\u00f9 belli dell\u2019avventura The Fly vanno ricordati i tre concerti tenuti nel 2010 e 2011 in Piazza Br\u00e0 a Verona, davanti all\u2019Arena e a centinaia di persone; il concerto del luglio 2013 in Alta Val Badia, davanti allo scenario delle Dolomiti, e il concerto al Teatro Camploy di Verona nel 2013.<\/p>\n<p><strong>Componenti<\/strong><br \/>\nMatteo Turra <em>voce<\/em><br \/>\nAlessandro Fiorio <em>chitarra<\/em><br \/>\nSergio Fanini <em>basso<\/em><br \/>\nRoberto Perinelli <em>batteria<\/em><\/p>\n<p><strong>Contatti<\/strong><br \/>\nsito: <a href=\"http:\/\/www.u2thefly.com\" target=\"_blank\">www.u2thefly.com<\/a><br \/>\nfacebook: <a href=\"http:\/\/www.facebook.com\/TheFly.U2TributeBand\" target=\"_blank\">TheFly.U2TributeBand<\/a><br \/>\nyoutube: <a href=\"http:\/\/www.youtube.com\/user\/alethefly\" target=\"_blank\">alethefly<\/a><br \/>\nemail:\u00a0info@u2thefly.com<\/p>\n<p><a href=\"http:\/\/lnx.u2place.net\/coverband\/le-date\">Le serate in programma<\/a><\/p>\n","protected":false},"excerpt":{"rendered":"<p>Biografia I The Fly band tributo U2 sono nati nel marzo 2005 per merito di alcuni musicisti veronesi uniti dalla comune passione per la band di Dublino e da allora sono una presenza costante nei locali e nelle manifestazioni all&#8217;aperto del nord Italia. Trascinati dal talento indiscusso del cantante Matteo Turra e con oltre 180 [&hellip;]<\/p>\n","protected":false},"author":1,"featured_media":0,"parent":0,"menu_order":0,"comment_status":"open","ping_status":"open","template":"","meta":[],"_links":{"self":[{"href":"https:\/\/lnx.u2place.net\/coverband\/wp-json\/wp\/v2\/pages\/59"}],"collection":[{"href":"https:\/\/lnx.u2place.net\/coverband\/wp-json\/wp\/v2\/pages"}],"about":[{"href":"https:\/\/lnx.u2place.net\/coverband\/wp-json\/wp\/v2\/types\/page"}],"author":[{"embeddable":true,"href":"https:\/\/lnx.u2place.net\/coverband\/wp-json\/wp\/v2\/users\/1"}],"replies":[{"embeddable":true,"href":"https:\/\/lnx.u2place.net\/coverband\/wp-json\/wp\/v2\/comments?post=59"}],"version-history":[{"count":13,"href":"https:\/\/lnx.u2place.net\/coverband\/wp-json\/wp\/v2\/pages\/59\/revisions"}],"predecessor-version":[{"id":1183,"href":"https:\/\/lnx.u2place.net\/coverband\/wp-json\/wp\/v2\/pages\/59\/revisions\/1183"}],"wp:attachment":[{"href":"https:\/\/lnx.u2place.net\/coverband\/wp-json\/wp\/v2\/media?parent=59"}],"curies":[{"name":"wp","href":"https:\/\/api.w.org\/{rel}","templated":true}]}}